{"id":4149,"date":"2020-02-13T16:20:21","date_gmt":"2020-02-13T15:20:21","guid":{"rendered":"http:\/\/sgarm.ch\/wordpress\/?page_id=4149"},"modified":"2025-01-29T10:23:43","modified_gmt":"2025-01-29T09:23:43","slug":"modul-rechtl-grundlagen","status":"publish","type":"page","link":"https:\/\/sgarm.ch\/wordpress\/?page_id=4149","title":{"rendered":"Obligatorische Module"},"content":{"rendered":"<p><\/p>\n<ul>\n<li>\n<h3><strong><span style=\"color: #003366;\">Rechtliche Grundlagen<\/span><br \/>\n<\/strong><\/h3>\n<\/li>\n<\/ul>\n<table>\n<tbody>\n<tr>\n<td width=\"442\"><em><strong>Programm \/ Organisation<\/strong><\/em><\/td>\n<td width=\"246\"><em><strong>Modul<\/strong><\/em><\/td>\n<\/tr>\n<tr>\n<td width=\"442\">Universit\u00e9 Neuch\u00e2tel<\/p>\n<p><a href=\"https:\/\/www.unine.ch\/formation\/cas-das-mas-droit-de-la-sante\" target=\"_blank\" rel=\"noopener\">MAS\/DAS\/CAS en droit de la sant\u00e9, Neuchatel<\/a><\/td>\n<td width=\"246\">Sant\u00e9 au travail \/ R\u00e9glementation de la m\u00e9decine du travail<\/td>\n<\/tr>\n<tr>\n<td width=\"442\">Suva<\/td>\n<td width=\"246\"><a href=\"https:\/\/www.suva.ch\/de-ch\/praevention\/beratung-kurse-und-angebote\/weiterbildung-kurse-und-lehrgaenge\/anerkennung-ausbildung-im-ausland-asgs?_gl=1*1fmnph6*_up*MQ..*_gs*MQ..&amp;gclid=Cj0KCQiAwOe8BhCCARIsAGKeD57q9UIqP02p0Rgvs5GcdXmxJfatv4kJ2Imu50ne06JFb5wn2FlySZEaAuCzEALw_wcB\" target=\"_blank\" rel=\"noopener\">Einf\u00fchrungskurs zur schweizerischen Gesetzgebung \u00fcber die Arbeitssicherheit<\/a><\/td>\n<\/tr>\n<\/tbody>\n<\/table>\n<ul>\n<li>\n<h3><strong><span style=\"color: #003366;\">Arbeitsmedizinische Vorsorge<\/span><br \/>\n<\/strong><\/h3>\n<\/li>\n<\/ul>\n<table>\n<tbody>\n<tr>\n<td width=\"442\"><em><strong>Programm \/ Organisation<\/strong><\/em><\/td>\n<td width=\"246\"><em><strong>Modul<\/strong><\/em><\/td>\n<\/tr>\n<tr>\n<td width=\"442\">USZ \/ UNIL<\/p>\n<p><a href=\"https:\/\/www.mas-workandhealth.uzh.ch\/de.html\" target=\"_blank\" rel=\"noopener\">DAS Work+Health<\/a><\/td>\n<td width=\"246\">OM3: prevention and control of occupational risks\/diseases<\/td>\n<\/tr>\n<\/tbody>\n<\/table>\n<p><\/p>","protected":false},"excerpt":{"rendered":"<p>Rechtliche Grundlagen Programm \/ Organisation Modul Universit\u00e9 Neuch\u00e2tel MAS\/DAS\/CAS en droit de la sant\u00e9, Neuchatel Sant\u00e9 au travail \/ R\u00e9glementation de la m\u00e9decine du travail Suva Einf\u00fchrungskurs zur schweizerischen Gesetzgebung \u00fcber die Arbeitssicherheit Arbeitsmedizinische Vorsorge Programm \/ Organisation Modul USZ &hellip; <a href=\"https:\/\/sgarm.ch\/wordpress\/?page_id=4149\">Weiterlesen <span class=\"meta-nav\">&rarr;<\/span><\/a><\/p>\n","protected":false},"author":1,"featured_media":0,"parent":562,"menu_order":1,"comment_status":"closed","ping_status":"closed","template":"","meta":[],"_links":{"self":[{"href":"https:\/\/sgarm.ch\/wordpress\/index.php?rest_route=\/wp\/v2\/pages\/4149"}],"collection":[{"href":"https:\/\/sgarm.ch\/wordpress\/index.php?rest_route=\/wp\/v2\/pages"}],"about":[{"href":"https:\/\/sgarm.ch\/wordpress\/index.php?rest_route=\/wp\/v2\/types\/page"}],"author":[{"embeddable":true,"href":"https:\/\/sgarm.ch\/wordpress\/index.php?rest_route=\/wp\/v2\/users\/1"}],"replies":[{"embeddable":true,"href":"https:\/\/sgarm.ch\/wordpress\/index.php?rest_route=%2Fwp%2Fv2%2Fcomments&post=4149"}],"version-history":[{"count":55,"href":"https:\/\/sgarm.ch\/wordpress\/index.php?rest_route=\/wp\/v2\/pages\/4149\/revisions"}],"predecessor-version":[{"id":6496,"href":"https:\/\/sgarm.ch\/wordpress\/index.php?rest_route=\/wp\/v2\/pages\/4149\/revisions\/6496"}],"up":[{"embeddable":true,"href":"https:\/\/sgarm.ch\/wordpress\/index.php?rest_route=\/wp\/v2\/pages\/562"}],"wp:attachment":[{"href":"https:\/\/sgarm.ch\/wordpress\/index.php?rest_route=%2Fwp%2Fv2%2Fmedia&parent=4149"}],"curies":[{"name":"wp","href":"https:\/\/api.w.org\/{rel}","templated":true}]}}